{"id":2538,"date":"2021-09-20T04:43:09","date_gmt":"2021-09-20T02:43:09","guid":{"rendered":"https:\/\/www.perez-poch.org\/el-nostre-equip\/"},"modified":"2023-01-08T13:02:30","modified_gmt":"2023-01-08T11:02:30","slug":"el-nostre-equip","status":"publish","type":"page","link":"https:\/\/www.perez-poch.org\/ca\/el-nostre-equip\/","title":{"rendered":"Equip"},"content":{"rendered":"\t\t<div data-elementor-type=\"wp-page\" data-elementor-id=\"2538\" class=\"elementor elementor-2538 elementor-283\">\n\t\t\t\t\t\t<section class=\"elementor-section elementor-top-section elementor-element elementor-element-cdbd72b elementor-section-boxed elementor-section-height-default elementor-section-height-default\" data-id=\"cdbd72b\" data-element_type=\"section\">\n\t\t\t\t\t\t<div class=\"elementor-container elementor-column-gap-default\">\n\t\t\t\t\t<div class=\"elementor-column elementor-col-100 elementor-top-column elementor-element elementor-element-a9083a5\" data-id=\"a9083a5\" data-element_type=\"column\">\n\t\t\t<div class=\"elementor-widget-wrap elementor-element-populated\">\n\t\t\t\t\t\t<div class=\"elementor-element elementor-element-78a6c74 elementor-widget elementor-widget-heading\" data-id=\"78a6c74\" data-element_type=\"widget\" data-widget_type=\"heading.default\">\n\t\t\t\t<div class=\"elementor-widget-container\">\n\t\t\t<style>\/*! elementor - v3.23.0 - 05-08-2024 *\/\n.elementor-heading-title{padding:0;margin:0;line-height:1}.elementor-widget-heading .elementor-heading-title[class*=elementor-size-]>a{color:inherit;font-size:inherit;line-height:inherit}.elementor-widget-heading .elementor-heading-title.elementor-size-small{font-size:15px}.elementor-widget-heading .elementor-heading-title.elementor-size-medium{font-size:19px}.elementor-widget-heading .elementor-heading-title.elementor-size-large{font-size:29px}.elementor-widget-heading .elementor-heading-title.elementor-size-xl{font-size:39px}.elementor-widget-heading .elementor-heading-title.elementor-size-xxl{font-size:59px}<\/style><h2 class=\"elementor-heading-title elementor-size-default\">El nostre equip<\/h2>\t\t<\/div>\n\t\t\t\t<\/div>\n\t\t\t\t\t<\/div>\n\t\t<\/div>\n\t\t\t\t\t<\/div>\n\t\t<\/section>\n\t\t\t\t<section class=\"elementor-section elementor-top-section elementor-element elementor-element-9a72893 elementor-section-boxed elementor-section-height-default elementor-section-height-default\" data-id=\"9a72893\" data-element_type=\"section\">\n\t\t\t\t\t\t<div class=\"elementor-container elementor-column-gap-default\">\n\t\t\t\t\t<div class=\"elementor-column elementor-col-100 elementor-top-column elementor-element elementor-element-36a4de7\" data-id=\"36a4de7\" data-element_type=\"column\">\n\t\t\t<div class=\"elementor-widget-wrap elementor-element-populated\">\n\t\t\t\t\t\t<div class=\"elementor-element elementor-element-2e83e5e elementor-widget elementor-widget-heading\" data-id=\"2e83e5e\" data-element_type=\"widget\" data-widget_type=\"heading.default\">\n\t\t\t\t<div class=\"elementor-widget-container\">\n\t\t\t<h3 class=\"elementor-heading-title elementor-size-default\">Coordinador<\/h3>\t\t<\/div>\n\t\t\t\t<\/div>\n\t\t\t\t<section class=\"elementor-section elementor-inner-section elementor-element elementor-element-351bb8f elementor-reverse-tablet elementor-reverse-mobile elementor-section-boxed elementor-section-height-default elementor-section-height-default\" data-id=\"351bb8f\" data-element_type=\"section\">\n\t\t\t\t\t\t<div class=\"elementor-container elementor-column-gap-default\">\n\t\t\t\t\t<div class=\"elementor-column elementor-col-50 elementor-inner-column elementor-element elementor-element-2030ca0\" data-id=\"2030ca0\" data-element_type=\"column\">\n\t\t\t<div class=\"elementor-widget-wrap elementor-element-populated\">\n\t\t\t\t\t\t<div class=\"elementor-element elementor-element-4d6cdb5 elementor-widget elementor-widget-image\" data-id=\"4d6cdb5\" data-element_type=\"widget\" data-widget_type=\"image.default\">\n\t\t\t\t<div class=\"elementor-widget-container\">\n\t\t\t<style>\/*! elementor - v3.23.0 - 05-08-2024 *\/\n.elementor-widget-image{text-align:center}.elementor-widget-image a{display:inline-block}.elementor-widget-image a img[src$=\".svg\"]{width:48px}.elementor-widget-image img{vertical-align:middle;display:inline-block}<\/style>\t\t\t\t\t\t\t\t\t\t<img fetchpriority=\"high\" width=\"1536\" height=\"2560\" src=\"https:\/\/www.perez-poch.org\/wp-content\/uploads\/2021\/09\/20161015_101019-rotated.jpg\" class=\"attachment-full size-full wp-image-2403\" alt=\"\" srcset=\"https:\/\/www.perez-poch.org\/wp-content\/uploads\/2021\/09\/20161015_101019-rotated.jpg 1536w, https:\/\/www.perez-poch.org\/wp-content\/uploads\/2021\/09\/20161015_101019-180x300.jpg 180w, https:\/\/www.perez-poch.org\/wp-content\/uploads\/2021\/09\/20161015_101019-614x1024.jpg 614w, https:\/\/www.perez-poch.org\/wp-content\/uploads\/2021\/09\/20161015_101019-768x1280.jpg 768w, https:\/\/www.perez-poch.org\/wp-content\/uploads\/2021\/09\/20161015_101019-922x1536.jpg 922w, https:\/\/www.perez-poch.org\/wp-content\/uploads\/2021\/09\/20161015_101019-1229x2048.jpg 1229w\" sizes=\"(max-width: 1536px) 100vw, 1536px\" \/>\t\t\t\t\t\t\t\t\t\t\t\t\t<\/div>\n\t\t\t\t<\/div>\n\t\t\t\t\t<\/div>\n\t\t<\/div>\n\t\t\t\t<div class=\"elementor-column elementor-col-50 elementor-inner-column elementor-element elementor-element-707e9ba\" data-id=\"707e9ba\" data-element_type=\"column\">\n\t\t\t<div class=\"elementor-widget-wrap elementor-element-populated\">\n\t\t\t\t\t\t<div class=\"elementor-element elementor-element-daef2fb elementor-widget elementor-widget-heading\" data-id=\"daef2fb\" data-element_type=\"widget\" data-widget_type=\"heading.default\">\n\t\t\t\t<div class=\"elementor-widget-container\">\n\t\t\t<h4 class=\"elementor-heading-title elementor-size-default\">Dr. Antoni Perez-Poch<\/h4>\t\t<\/div>\n\t\t\t\t<\/div>\n\t\t\t\t<div class=\"elementor-element elementor-element-a50a4c9 elementor-widget elementor-widget-text-editor\" data-id=\"a50a4c9\" data-element_type=\"widget\" data-widget_type=\"text-editor.default\">\n\t\t\t\t<div class=\"elementor-widget-container\">\n\t\t\t<style>\/*! elementor - v3.23.0 - 05-08-2024 *\/\n.elementor-widget-text-editor.elementor-drop-cap-view-stacked .elementor-drop-cap{background-color:#69727d;color:#fff}.elementor-widget-text-editor.elementor-drop-cap-view-framed .elementor-drop-cap{color:#69727d;border:3px solid;background-color:transparent}.elementor-widget-text-editor:not(.elementor-drop-cap-view-default) .elementor-drop-cap{margin-top:8px}.elementor-widget-text-editor:not(.elementor-drop-cap-view-default) .elementor-drop-cap-letter{width:1em;height:1em}.elementor-widget-text-editor .elementor-drop-cap{float:left;text-align:center;line-height:1;font-size:50px}.elementor-widget-text-editor .elementor-drop-cap-letter{display:inline-block}<\/style>\t\t\t\t<p><em>Professor<\/em>\u00a0Agregat (Prof. Doctor Contratado)<\/p><p>UPC BarcelonaTech<\/p><p>Universitat Polit\u00e8cnica De Catalunya<br \/>dep Ci\u00e8ncies de la Computaci\u00f3<br \/>Campus Diagonal-Bes\u00f2s<br \/><a href=\"http:\/\/www.eebe.upc.edu\/en\">EEBE<\/a> ,<span style=\"color: var( --e-global-color-text );\"> Barcelona (Catalunya, Espanya).<\/span><\/p><p>+34-934137361<br \/>Contacte: antoni.perez-poch a upc.edu<\/p>\t\t\t\t\t\t<\/div>\n\t\t\t\t<\/div>\n\t\t\t\t\t<\/div>\n\t\t<\/div>\n\t\t\t\t\t<\/div>\n\t\t<\/section>\n\t\t\t\t<div class=\"elementor-element elementor-element-742de3b elementor-widget elementor-widget-heading\" data-id=\"742de3b\" data-element_type=\"widget\" data-widget_type=\"heading.default\">\n\t\t\t\t<div class=\"elementor-widget-container\">\n\t\t\t<h3 class=\"elementor-heading-title elementor-size-default\">Estudiants Graduats<\/h3>\t\t<\/div>\n\t\t\t\t<\/div>\n\t\t\t\t<section class=\"elementor-section elementor-inner-section elementor-element elementor-element-a587de1 elementor-section-boxed elementor-section-height-default elementor-section-height-default\" data-id=\"a587de1\" data-element_type=\"section\">\n\t\t\t\t\t\t<div class=\"elementor-container elementor-column-gap-default\">\n\t\t\t\t\t<div class=\"elementor-column elementor-col-50 elementor-inner-column elementor-element elementor-element-343f3f5\" data-id=\"343f3f5\" data-element_type=\"column\">\n\t\t\t<div class=\"elementor-widget-wrap elementor-element-populated\">\n\t\t\t\t\t\t<div class=\"elementor-element elementor-element-dba8765 elementor-widget elementor-widget-image\" data-id=\"dba8765\" data-element_type=\"widget\" data-widget_type=\"image.default\">\n\t\t\t\t<div class=\"elementor-widget-container\">\n\t\t\t\t\t\t\t\t\t\t\t\t\t<img width=\"128\" height=\"128\" src=\"https:\/\/www.perez-poch.org\/wp-content\/uploads\/2021\/09\/Foto-Meritxell-M_P.jpg\" class=\"attachment-large size-large wp-image-2451\" alt=\"\" \/>\t\t\t\t\t\t\t\t\t\t\t\t\t<\/div>\n\t\t\t\t<\/div>\n\t\t\t\t\t<\/div>\n\t\t<\/div>\n\t\t\t\t<div class=\"elementor-column elementor-col-50 elementor-inner-column elementor-element elementor-element-15feec4\" data-id=\"15feec4\" data-element_type=\"column\">\n\t\t\t<div class=\"elementor-widget-wrap elementor-element-populated\">\n\t\t\t\t\t\t<div class=\"elementor-element elementor-element-1089dde elementor-widget elementor-widget-text-editor\" data-id=\"1089dde\" data-element_type=\"widget\" data-widget_type=\"text-editor.default\">\n\t\t\t\t<div class=\"elementor-widget-container\">\n\t\t\t\t\t\t\t<p><b>Sra. Meritxell Mir\u00f3<\/b><\/p><p>Doctoranda en Educaci\u00f3 de l&#8217;Enginyeria (codirectora: Dra. Eva Vidal, UPC).<\/p><p>Enginyera t\u00e8cnic industrial en electr\u00f2nica industrial, amb un m\u00e0ster en Societat de la Informaci\u00f3 i la Comunicaci\u00f3 i un m\u00e0ster en Telemedicina, per\u00f2 amb vocaci\u00f3 docent. Fa m\u00e9s de deu anys que ensenya. La seva investigaci\u00f3 es centra a estudiar i analitzar l\u2019impacte \u00e8tic, social i ambiental de la tecnologia en el curr\u00edculum actual de l\u2019educaci\u00f3 obligat\u00f2ria. L\u2019objectiu \u00e9s desenvolupar una visi\u00f3 cr\u00edtica dels conceptes, valors i h\u00e0bits que els estudiants han d\u2019adquirir<span style=\"color: var( --e-global-color-text ); font-family: var( --e-global-typography-text-font-family ), Sans-serif; font-size: var( --e-global-typography-text-font-size ); font-weight: var( --e-global-typography-text-font-weight );\"> al final de la seva etapa educativa obligat\u00f2ria.<\/span><\/p><p><span style=\"color: var( --e-global-color-text ); font-family: var( --e-global-typography-text-font-family ), Sans-serif; font-size: var( --e-global-typography-text-font-size ); font-weight: var( --e-global-typography-text-font-weight );\">Contacte: meritxell.miro at upc.edu<\/span><\/p>\t\t\t\t\t\t<\/div>\n\t\t\t\t<\/div>\n\t\t\t\t\t<\/div>\n\t\t<\/div>\n\t\t\t\t\t<\/div>\n\t\t<\/section>\n\t\t\t\t<section class=\"elementor-section elementor-inner-section elementor-element elementor-element-89779a6 elementor-section-boxed elementor-section-height-default elementor-section-height-default\" data-id=\"89779a6\" data-element_type=\"section\">\n\t\t\t\t\t\t<div class=\"elementor-container elementor-column-gap-default\">\n\t\t\t\t\t<div class=\"elementor-column elementor-col-50 elementor-inner-column elementor-element elementor-element-20995f0\" data-id=\"20995f0\" data-element_type=\"column\">\n\t\t\t<div class=\"elementor-widget-wrap elementor-element-populated\">\n\t\t\t\t\t\t<div class=\"elementor-element elementor-element-de9b02e elementor-view-default elementor-widget elementor-widget-icon\" data-id=\"de9b02e\" data-element_type=\"widget\" data-widget_type=\"icon.default\">\n\t\t\t\t<div class=\"elementor-widget-container\">\n\t\t\t\t\t<div class=\"elementor-icon-wrapper\">\n\t\t\t<div class=\"elementor-icon\">\n\t\t\t<i aria-hidden=\"true\" class=\"fas fa-user\"><\/i>\t\t\t<\/div>\n\t\t<\/div>\n\t\t\t\t<\/div>\n\t\t\t\t<\/div>\n\t\t\t\t\t<\/div>\n\t\t<\/div>\n\t\t\t\t<div class=\"elementor-column elementor-col-50 elementor-inner-column elementor-element elementor-element-3d5ed98\" data-id=\"3d5ed98\" data-element_type=\"column\">\n\t\t\t<div class=\"elementor-widget-wrap elementor-element-populated\">\n\t\t\t\t\t\t<div class=\"elementor-element elementor-element-69c9ab3 elementor-widget elementor-widget-text-editor\" data-id=\"69c9ab3\" data-element_type=\"widget\" data-widget_type=\"text-editor.default\">\n\t\t\t\t<div class=\"elementor-widget-container\">\n\t\t\t\t\t\t\t<p><b>Sr. Pedro V\u00edctor Gabriel Cerna<\/b><\/p>\n<p>Doctorand en Educaci\u00f3 de l&#8217;Enginyeria. (Codirector Dr. Jordi Torner, UPC).<\/p>\n<p>&#8220;Metodologia per a l&#8217;adquisici\u00f3 del coneixement a l&#8217;Enginyeria al camp d&#8217;Expressi\u00f3 Gr\u00e0fica ,mitjan\u00e7ant l&#8217;\u00fas d&#8217;eines web multim\u00e8dia.&#8221;<\/p>\t\t\t\t\t\t<\/div>\n\t\t\t\t<\/div>\n\t\t\t\t\t<\/div>\n\t\t<\/div>\n\t\t\t\t\t<\/div>\n\t\t<\/section>\n\t\t\t\t<section class=\"elementor-section elementor-inner-section elementor-element elementor-element-e7b956c elementor-section-boxed elementor-section-height-default elementor-section-height-default\" data-id=\"e7b956c\" data-element_type=\"section\">\n\t\t\t\t\t\t<div class=\"elementor-container elementor-column-gap-default\">\n\t\t\t\t\t<div class=\"elementor-column elementor-col-50 elementor-inner-column elementor-element elementor-element-d66375e\" data-id=\"d66375e\" data-element_type=\"column\">\n\t\t\t<div class=\"elementor-widget-wrap elementor-element-populated\">\n\t\t\t\t\t\t<div class=\"elementor-element elementor-element-6d067f2 elementor-widget elementor-widget-image\" data-id=\"6d067f2\" data-element_type=\"widget\" data-widget_type=\"image.default\">\n\t\t\t\t<div class=\"elementor-widget-container\">\n\t\t\t\t\t\t\t\t\t\t\t\t\t<img width=\"800\" height=\"530\" src=\"https:\/\/www.perez-poch.org\/wp-content\/uploads\/2021\/09\/AbrilGorgori-1024x678.jpg\" class=\"attachment-large size-large wp-image-2445\" alt=\"\" srcset=\"https:\/\/www.perez-poch.org\/wp-content\/uploads\/2021\/09\/AbrilGorgori-1024x678.jpg 1024w, https:\/\/www.perez-poch.org\/wp-content\/uploads\/2021\/09\/AbrilGorgori-300x199.jpg 300w, https:\/\/www.perez-poch.org\/wp-content\/uploads\/2021\/09\/AbrilGorgori-768x509.jpg 768w, https:\/\/www.perez-poch.org\/wp-content\/uploads\/2021\/09\/AbrilGorgori-1536x1017.jpg 1536w, https:\/\/www.perez-poch.org\/wp-content\/uploads\/2021\/09\/AbrilGorgori-2048x1356.jpg 2048w\" sizes=\"(max-width: 800px) 100vw, 800px\" \/>\t\t\t\t\t\t\t\t\t\t\t\t\t<\/div>\n\t\t\t\t<\/div>\n\t\t\t\t\t<\/div>\n\t\t<\/div>\n\t\t\t\t<div class=\"elementor-column elementor-col-50 elementor-inner-column elementor-element elementor-element-6ade766\" data-id=\"6ade766\" data-element_type=\"column\">\n\t\t\t<div class=\"elementor-widget-wrap elementor-element-populated\">\n\t\t\t\t\t\t<div class=\"elementor-element elementor-element-e4fa962 elementor-widget elementor-widget-text-editor\" data-id=\"e4fa962\" data-element_type=\"widget\" data-widget_type=\"text-editor.default\">\n\t\t\t\t<div class=\"elementor-widget-container\">\n\t\t\t\t\t\t\t<p><b>Sra. Abril Gorgori<\/b><\/p>\n<p>Estudiant de m\u00e0ster en Fisiologia. (Tutor: Prof. Gin\u00e9s Viscor, Univ. Barcelona).<\/p>\n<p>Estudiant del m\u00e0ster en Fisiologia Integrativa de la Universitat de Barcelona (UB). \u00c9s dietista-nutricionista de la UB, esportista i entrenadora de b\u00e0squet. Tamb\u00e9 treballa amb el Grup d\u2019Autoimmunitat i Toler\u00e0ncia i el Grup de Recerca en Nutrici\u00f3 Aplicada (UB). La seva recerca tra<span style=\"color: var( --e-global-color-text ); font-family: var( --e-global-typography-text-font-family ), Sans-serif; font-size: var( --e-global-typography-text-font-size ); font-weight: var( --e-global-typography-text-font-weight );\">cta sobre la fisiologia humana en condicions de microgravetat.<\/span><\/p>\n<p><span style=\"color: var( --e-global-color-text ); font-family: var( --e-global-typography-text-font-family ), Sans-serif; font-size: var( --e-global-typography-text-font-size ); font-weight: var( --e-global-typography-text-font-weight );\"> Contacte: abrilgo2008 a gmail.com<\/span><\/p>\t\t\t\t\t\t<\/div>\n\t\t\t\t<\/div>\n\t\t\t\t\t<\/div>\n\t\t<\/div>\n\t\t\t\t\t<\/div>\n\t\t<\/section>\n\t\t\t\t<div class=\"elementor-element elementor-element-8919fce elementor-widget elementor-widget-heading\" data-id=\"8919fce\" data-element_type=\"widget\" data-widget_type=\"heading.default\">\n\t\t\t\t<div class=\"elementor-widget-container\">\n\t\t\t<h3 class=\"elementor-heading-title elementor-size-default\">Estudiants de Grau en Enginyeria<\/h3>\t\t<\/div>\n\t\t\t\t<\/div>\n\t\t\t\t<div class=\"elementor-element elementor-element-2d5688b elementor-widget elementor-widget-heading\" data-id=\"2d5688b\" data-element_type=\"widget\" data-widget_type=\"heading.default\">\n\t\t\t\t<div class=\"elementor-widget-container\">\n\t\t\t<h5 class=\"elementor-heading-title elementor-size-default\">Curs 2021-22<\/h5>\t\t<\/div>\n\t\t\t\t<\/div>\n\t\t\t\t<div class=\"elementor-element elementor-element-f6332f1 elementor-widget elementor-widget-text-editor\" data-id=\"f6332f1\" data-element_type=\"widget\" data-widget_type=\"text-editor.default\">\n\t\t\t\t<div class=\"elementor-widget-container\">\n\t\t\t\t\t\t\t<p>Pendent<\/p>\t\t\t\t\t\t<\/div>\n\t\t\t\t<\/div>\n\t\t\t\t\t<\/div>\n\t\t<\/div>\n\t\t\t\t\t<\/div>\n\t\t<\/section>\n\t\t\t\t<\/div>\n\t\t","protected":false},"excerpt":{"rendered":"<p>El nostre equip Coordinador Dr. Antoni Perez-Poch Professor\u00a0Agregat (Prof. Doctor Contratado) UPC BarcelonaTech Universitat Polit\u00e8cnica De Catalunyadep Ci\u00e8ncies de la Computaci\u00f3Campus Diagonal-Bes\u00f2sEEBE , Barcelona (Catalunya, Espanya). +34-934137361Contacte: antoni.perez-poch a upc.edu Estudiants Graduats Sra. Meritxell Mir\u00f3 Doctoranda en Educaci\u00f3 de l&#8217;Enginyeria (codirectora: Dra. Eva Vidal, UPC). Enginyera t\u00e8cnic industrial en electr\u00f2nica industrial, amb un m\u00e0ster en [&hellip;]<\/p>\n","protected":false},"author":1,"featured_media":0,"parent":0,"menu_order":0,"comment_status":"closed","ping_status":"closed","template":"elementor_header_footer","meta":[],"_links":{"self":[{"href":"https:\/\/www.perez-poch.org\/ca\/wp-json\/wp\/v2\/pages\/2538"}],"collection":[{"href":"https:\/\/www.perez-poch.org\/ca\/wp-json\/wp\/v2\/pages"}],"about":[{"href":"https:\/\/www.perez-poch.org\/ca\/wp-json\/wp\/v2\/types\/page"}],"author":[{"embeddable":true,"href":"https:\/\/www.perez-poch.org\/ca\/wp-json\/wp\/v2\/users\/1"}],"replies":[{"embeddable":true,"href":"https:\/\/www.perez-poch.org\/ca\/wp-json\/wp\/v2\/comments?post=2538"}],"version-history":[{"count":42,"href":"https:\/\/www.perez-poch.org\/ca\/wp-json\/wp\/v2\/pages\/2538\/revisions"}],"predecessor-version":[{"id":3168,"href":"https:\/\/www.perez-poch.org\/ca\/wp-json\/wp\/v2\/pages\/2538\/revisions\/3168"}],"wp:attachment":[{"href":"https:\/\/www.perez-poch.org\/ca\/wp-json\/wp\/v2\/media?parent=2538"}],"curies":[{"name":"wp","href":"https:\/\/api.w.org\/{rel}","templated":true}]}}